{"id":42,"date":"2017-09-06T23:27:56","date_gmt":"2017-09-06T21:27:56","guid":{"rendered":"http:\/\/daniflaco.es\/?page_id=42"},"modified":"2024-05-06T13:44:01","modified_gmt":"2024-05-06T11:44:01","slug":"bio","status":"publish","type":"page","link":"http:\/\/daniflaco.es\/?page_id=42","title":{"rendered":"BIO"},"content":{"rendered":"<p>Daniel S\u00e1nchez Garc\u00eda, m\u00e1s conocido como <b>Dani Flaco,<\/b> es un excelente cantante, compositor y m\u00fasico de L&#8217;Hospitalet.<\/p>\n<p><b>Dani Flaco<\/b> se acerca a diferentes tendencias y estilos, entendiendo su m\u00fasica como una fusi\u00f3n reconciliadora de diferentes estilos, g\u00e9neros y formas. <span class=\"Apple-converted-space\">\u00a0<\/span><\/p>\n<p>Musicalmente, Dani empez\u00f3 su pasi\u00f3n cuando a los 10 a\u00f1os comenz\u00f3 estudiando solfeo. Con 15 particip\u00f3 en la ceremonia inaugural de los Juegos Ol\u00edmpicos de Barcelona\u201992. Poco despu\u00e9s comenz\u00f3 a cantar con varias bandas, pero decidi\u00f3 seguir una carrera en solitario en 2002. Grab\u00f3 varias maquetas y empez\u00f3 a dar conciertos en numerosos bares de Barcelona y alrededores, hasta que en 2006 tuvo la oportunidad de editar su primer disco \u201c<b>Salida de emergencia\u201d<\/b>. En 2008 public\u00f3 <b>\u201cFuerzas de Flaqueza\u201d <\/b>y en 2009 <b>\u201cXarnego\u201d,<\/b><span class=\"Apple-converted-space\">\u00a0 <\/span>le sigui\u00f3 <b>\u201cSecretos de fumario<\/b>\u201d en 2010, <b>\u201cCada vez m\u00e1s flaco\u201d<\/b> en 2012, \u201c<b>Versos y madera\u201d <\/b>2014, <b>\u201cVerbenas y fiestas menores\u201d<\/b> en 2017.<\/p>\n<p>En 2019 publica el \u00e1lbum \u201c<b>Al Alim\u00f3n\u201d,<\/b> versionando algunos de sus temas con varios artistas, entre ellos <b>Manolo Garc\u00eda, Santi Balmes (Love of Lesbian), \u00c1lvaro Urquijo, Las Migas, Marc Ros (Sidonie) y Andr\u00e9s Su\u00e1rez<\/b> entre otros.<span class=\"Apple-converted-space\">\u00a0<\/span><\/p>\n<p><b>Dani Flaco<\/b> tambi\u00e9n compone canciones para otros artistas como el grupo <b>Las Migas<\/b>, para las que compuso las canciones \u201c<b>La Desgana\u201d<\/b> y <b>\u201cArena del Sur\u201d<\/b> que forma parte de su disco <b>\u201cLibres\u201d<\/b> que se alz\u00f3 con el <b>Grammy Latino en 2022.<span class=\"Apple-converted-space\">\u00a0<\/span><\/b><\/p>\n<p>En Febrero de 2024 ficha por <b>Blanco y Negro Music,<\/b> dando as\u00ed un paso m\u00e1s en su carrera y con la que publicar\u00e1 lo que ser\u00e1 su nuevo trabajo \u00abParis 21\u00bb.<\/p>\n","protected":false},"excerpt":{"rendered":"<p>Daniel S\u00e1nchez Garc\u00eda, m\u00e1s conocido como Dani Flaco, es un excelente cantante, compositor y m\u00fasico de L&#8217;Hospitalet. Dani Flaco se acerca a diferentes tendencias y estilos, entendiendo su m\u00fasica como una fusi\u00f3n reconciliadora de diferentes estilos, g\u00e9neros y formas. \u00a0 Musicalmente, Dani empez\u00f3 su pasi\u00f3n cuando a los 10 a\u00f1os comenz\u00f3 estudiando solfeo. Con 15 [&hellip;]<\/p>\n","protected":false},"author":1,"featured_media":0,"parent":0,"menu_order":1,"comment_status":"closed","ping_status":"closed","template":"","meta":{"footnotes":""},"_links":{"self":[{"href":"http:\/\/daniflaco.es\/index.php?rest_route=\/wp\/v2\/pages\/42"}],"collection":[{"href":"http:\/\/daniflaco.es\/index.php?rest_route=\/wp\/v2\/pages"}],"about":[{"href":"http:\/\/daniflaco.es\/index.php?rest_route=\/wp\/v2\/types\/page"}],"author":[{"embeddable":true,"href":"http:\/\/daniflaco.es\/index.php?rest_route=\/wp\/v2\/users\/1"}],"replies":[{"embeddable":true,"href":"http:\/\/daniflaco.es\/index.php?rest_route=%2Fwp%2Fv2%2Fcomments&post=42"}],"version-history":[{"count":8,"href":"http:\/\/daniflaco.es\/index.php?rest_route=\/wp\/v2\/pages\/42\/revisions"}],"predecessor-version":[{"id":8758,"href":"http:\/\/daniflaco.es\/index.php?rest_route=\/wp\/v2\/pages\/42\/revisions\/8758"}],"wp:attachment":[{"href":"http:\/\/daniflaco.es\/index.php?rest_route=%2Fwp%2Fv2%2Fmedia&parent=42"}],"curies":[{"name":"wp","href":"https:\/\/api.w.org\/{rel}","templated":true}]}}